{"id":3009,"date":"2024-07-31T11:46:21","date_gmt":"2024-07-31T09:46:21","guid":{"rendered":"https:\/\/www.residence-universitaire-lanteri.com\/pausas-espirituales\/"},"modified":"2024-11-28T15:33:13","modified_gmt":"2024-11-28T14:33:13","slug":"pausas-espirituales","status":"publish","type":"page","link":"https:\/\/www.residence-universitaire-lanteri.com\/es\/pausas-espirituales\/","title":{"rendered":"Pausas espirituales"},"content":{"rendered":"\t\t<div data-elementor-type=\"wp-page\" data-elementor-id=\"3009\" class=\"elementor elementor-3009 elementor-1154\" data-elementor-settings=\"{&quot;ha_cmc_init_switcher&quot;:&quot;no&quot;}\" data-elementor-post-type=\"page\">\n\t\t\t\t<div class=\"elementor-element elementor-element-8a2251c e-flex e-con-boxed e-con e-parent\" data-id=\"8a2251c\" data-element_type=\"container\" data-settings=\"{&quot;background_background&quot;:&quot;classic&quot;,&quot;_ha_eqh_enable&quot;:false}\">\n\t\t\t\t\t<div class=\"e-con-inner\">\n\t\t\t\t<div class=\"elementor-element elementor-element-a63532b elementor-widget elementor-widget-spacer\" data-id=\"a63532b\" data-element_type=\"widget\" data-widget_type=\"spacer.default\">\n\t\t\t\t<div class=\"elementor-widget-container\">\n\t\t\t\t\t\t\t<div class=\"elementor-spacer\">\n\t\t\t<div class=\"elementor-spacer-inner\"><\/div>\n\t\t<\/div>\n\t\t\t\t\t\t<\/div>\n\t\t\t\t<\/div>\n\t\t\t\t<div class=\"elementor-element elementor-element-a672b71 elementor-widget-divider--view-line_text elementor-widget-divider--element-align-center elementor-widget elementor-widget-divider\" data-id=\"a672b71\" data-element_type=\"widget\" data-widget_type=\"divider.default\">\n\t\t\t\t<div class=\"elementor-widget-container\">\n\t\t\t\t\t\t\t<div class=\"elementor-divider\">\n\t\t\t<span class=\"elementor-divider-separator\">\n\t\t\t\t\t\t\t<span class=\"elementor-divider__text elementor-divider__element\">\n\t\t\t\tPausas espirituales\t\t\t\t<\/span>\n\t\t\t\t\t\t<\/span>\n\t\t<\/div>\n\t\t\t\t\t\t<\/div>\n\t\t\t\t<\/div>\n\t\t\t\t<div class=\"elementor-element elementor-element-73b46ce elementor-widget elementor-widget-heading\" data-id=\"73b46ce\" data-element_type=\"widget\" data-widget_type=\"heading.default\">\n\t\t\t\t<div class=\"elementor-widget-container\">\n\t\t\t\t\t<h2 class=\"elementor-heading-title elementor-size-default\">En \u00cele-de-France<\/h2>\t\t\t\t<\/div>\n\t\t\t\t<\/div>\n\t\t\t\t<div class=\"elementor-element elementor-element-8c9214b elementor-widget elementor-widget-spacer\" data-id=\"8c9214b\" data-element_type=\"widget\" data-widget_type=\"spacer.default\">\n\t\t\t\t<div class=\"elementor-widget-container\">\n\t\t\t\t\t\t\t<div class=\"elementor-spacer\">\n\t\t\t<div class=\"elementor-spacer-inner\"><\/div>\n\t\t<\/div>\n\t\t\t\t\t\t<\/div>\n\t\t\t\t<\/div>\n\t\t\t\t\t<\/div>\n\t\t\t\t<\/div>\n\t\t<div class=\"elementor-element elementor-element-5924af8 e-flex e-con-boxed e-con e-parent\" data-id=\"5924af8\" data-element_type=\"container\" data-settings=\"{&quot;_ha_eqh_enable&quot;:false}\">\n\t\t\t\t\t<div class=\"e-con-inner\">\n\t\t<div class=\"elementor-element elementor-element-262f867 e-con-full e-flex e-con e-child\" data-id=\"262f867\" data-element_type=\"container\" data-settings=\"{&quot;_ha_eqh_enable&quot;:false}\">\n\t\t\t\t<div class=\"elementor-element elementor-element-08e4b99 elementor-widget elementor-widget-text-editor\" data-id=\"08e4b99\" data-element_type=\"widget\" data-widget_type=\"text-editor.default\">\n\t\t\t\t<div class=\"elementor-widget-container\">\n\t\t\t\t\t\t\t\t\t<p>\u00bfBuscas un retiro espiritual o un lugar para unas vacaciones espirituales cerca de Par\u00eds? \u00bfEres un grupo: un movimiento, una parroquia o una persona sola? \u00bfBuscas un lugar tranquilo para reunirte o para un retiro? \u00bfNecesitas unas vacaciones espirituales? Aqu\u00ed encontrar\u00e1s un lugar que se adapte a tus necesidades. Tambi\u00e9n estar\u00e1s cerca de los principales centros espirituales de Par\u00eds: Rue du Bac, Sacr\u00e9-Coeur y Notre-Dame.     <\/p>\n\t\t\t\t\t\t\t\t<\/div>\n\t\t\t\t<\/div>\n\t\t\t\t<\/div>\n\t\t\t\t\t<\/div>\n\t\t\t\t<\/div>\n\t\t<div class=\"elementor-element elementor-element-5546c24 e-flex e-con-boxed e-con e-parent\" data-id=\"5546c24\" data-element_type=\"container\" data-settings=\"{&quot;_ha_eqh_enable&quot;:false}\">\n\t\t\t\t\t<div class=\"e-con-inner\">\n\t\t<div class=\"elementor-element elementor-element-b3d909b e-con-full e-flex e-con e-child\" data-id=\"b3d909b\" data-element_type=\"container\" data-settings=\"{&quot;_ha_eqh_enable&quot;:false}\">\n\t\t\t\t<div class=\"elementor-element elementor-element-ff1d183 elementor-widget elementor-widget-heading\" data-id=\"ff1d183\" data-element_type=\"widget\" data-widget_type=\"heading.default\">\n\t\t\t\t<div class=\"elementor-widget-container\">\n\t\t\t\t\t<h2 class=\"elementor-heading-title elementor-size-default\">Acogida espiritual o Vacaciones espirituales cerca de Par\u00eds<\/h2>\t\t\t\t<\/div>\n\t\t\t\t<\/div>\n\t\t\t\t<div class=\"elementor-element elementor-element-f63ff17 elementor-widget-divider--view-line elementor-widget elementor-widget-divider\" data-id=\"f63ff17\" data-element_type=\"widget\" data-widget_type=\"divider.default\">\n\t\t\t\t<div class=\"elementor-widget-container\">\n\t\t\t\t\t\t\t<div class=\"elementor-divider\">\n\t\t\t<span class=\"elementor-divider-separator\">\n\t\t\t\t\t\t<\/span>\n\t\t<\/div>\n\t\t\t\t\t\t<\/div>\n\t\t\t\t<\/div>\n\t\t\t\t<div class=\"elementor-element elementor-element-af108f4 elementor-widget elementor-widget-text-editor\" data-id=\"af108f4\" data-element_type=\"widget\" data-widget_type=\"text-editor.default\">\n\t\t\t\t<div class=\"elementor-widget-container\">\n\t\t\t\t\t\t\t\t\t<p>La Capilla Sainte-Rita ofrece servicios espirituales gracias a la presencia y al ministerio de los padres de la comunidad religiosa de los Oblatos de la Virgen Mar\u00eda: acompa\u00f1amiento espiritual, confesiones, misas, retiros de silencio, etc.<br \/>El entorno inmediato de los suburbios interiores de Par\u00eds, con sus agradables paisajes y encantadores parques naturales (Coul\u00e9e verte, Parc de Sceaux y muchos otros), permite a la Residencia Universitaria Lanteri ofrecer a sus hu\u00e9spedes en una hospeder\u00eda religiosa un ambiente tranquilo y apacible propicio para la oraci\u00f3n, la reflexi\u00f3n y la comuni\u00f3n con la hermosa naturaleza circundante, todo ello a un paso de la ciudad de Par\u00eds.<\/p>\n\t\t\t\t\t\t\t\t<\/div>\n\t\t\t\t<\/div>\n\t\t\t\t<\/div>\n\t\t<div class=\"elementor-element elementor-element-509a861 e-con-full e-flex e-con e-child\" data-id=\"509a861\" data-element_type=\"container\" data-settings=\"{&quot;_ha_eqh_enable&quot;:false}\">\n\t\t\t\t<div class=\"elementor-element elementor-element-0399b3f elementor-widget elementor-widget-image\" data-id=\"0399b3f\" data-element_type=\"widget\" data-widget_type=\"image.default\">\n\t\t\t\t<div class=\"elementor-widget-container\">\n\t\t\t\t\t\t\t\t\t\t\t\t\t\t\t<img fetchpriority=\"high\" decoding=\"async\" width=\"768\" height=\"1024\" src=\"https:\/\/www.residence-universitaire-lanteri.com\/wp-content\/uploads\/2024\/07\/Vitrail-et-taberbacle-768x1024.jpg\" class=\"attachment-large size-large wp-image-908\" alt=\"\" srcset=\"https:\/\/www.residence-universitaire-lanteri.com\/wp-content\/uploads\/2024\/07\/Vitrail-et-taberbacle-768x1024.jpg 768w, https:\/\/www.residence-universitaire-lanteri.com\/wp-content\/uploads\/2024\/07\/Vitrail-et-taberbacle-225x300.jpg 225w, https:\/\/www.residence-universitaire-lanteri.com\/wp-content\/uploads\/2024\/07\/Vitrail-et-taberbacle-1152x1536.jpg 1152w, https:\/\/www.residence-universitaire-lanteri.com\/wp-content\/uploads\/2024\/07\/Vitrail-et-taberbacle.jpg 1536w\" sizes=\"(max-width: 768px) 100vw, 768px\" \/>\t\t\t\t\t\t\t\t\t\t\t\t\t\t\t<\/div>\n\t\t\t\t<\/div>\n\t\t\t\t<\/div>\n\t\t\t\t\t<\/div>\n\t\t\t\t<\/div>\n\t\t<div class=\"elementor-element elementor-element-d4807ea e-flex e-con-boxed e-con e-parent\" data-id=\"d4807ea\" data-element_type=\"container\" data-settings=\"{&quot;_ha_eqh_enable&quot;:false}\">\n\t\t\t\t\t<div class=\"e-con-inner\">\n\t\t<div class=\"elementor-element elementor-element-f95e2cb e-con-full e-flex e-con e-child\" data-id=\"f95e2cb\" data-element_type=\"container\" data-settings=\"{&quot;_ha_eqh_enable&quot;:false}\">\n\t\t\t\t<div class=\"elementor-element elementor-element-f3e9bff elementor-widget elementor-widget-image\" data-id=\"f3e9bff\" data-element_type=\"widget\" data-widget_type=\"image.default\">\n\t\t\t\t<div class=\"elementor-widget-container\">\n\t\t\t\t\t\t\t\t\t\t\t\t\t\t\t<img decoding=\"async\" width=\"768\" height=\"1024\" src=\"https:\/\/www.residence-universitaire-lanteri.com\/wp-content\/uploads\/2024\/07\/Statue-de-la-Ste-Famille-1152x1536-1-768x1024.jpg\" class=\"attachment-large size-large wp-image-1156\" alt=\"\" srcset=\"https:\/\/www.residence-universitaire-lanteri.com\/wp-content\/uploads\/2024\/07\/Statue-de-la-Ste-Famille-1152x1536-1-768x1024.jpg 768w, https:\/\/www.residence-universitaire-lanteri.com\/wp-content\/uploads\/2024\/07\/Statue-de-la-Ste-Famille-1152x1536-1-225x300.jpg 225w, https:\/\/www.residence-universitaire-lanteri.com\/wp-content\/uploads\/2024\/07\/Statue-de-la-Ste-Famille-1152x1536-1.jpg 1152w\" sizes=\"(max-width: 768px) 100vw, 768px\" \/>\t\t\t\t\t\t\t\t\t\t\t\t\t\t\t<\/div>\n\t\t\t\t<\/div>\n\t\t\t\t<\/div>\n\t\t<div class=\"elementor-element elementor-element-ca6d59e e-con-full e-flex e-con e-child\" data-id=\"ca6d59e\" data-element_type=\"container\" data-settings=\"{&quot;_ha_eqh_enable&quot;:false}\">\n\t\t<div class=\"elementor-element elementor-element-3864b56 e-con-full e-flex e-con e-child\" data-id=\"3864b56\" data-element_type=\"container\" data-settings=\"{&quot;_ha_eqh_enable&quot;:false}\">\n\t\t\t\t<div class=\"elementor-element elementor-element-f2bff54 elementor-widget elementor-widget-text-editor\" data-id=\"f2bff54\" data-element_type=\"widget\" data-widget_type=\"text-editor.default\">\n\t\t\t\t<div class=\"elementor-widget-container\">\n\t\t\t\t\t\t\t\t\tGracias a su comodidad y a sus numerosos servicios, la Residencia Universitaria Lanteri permite a todos sus hu\u00e9spedes dedicarse por entero a sus actividades espirituales con toda tranquilidad. Durante los meses de verano (julio y agosto), la RUL ofrece m\u00e1s de 100 habitaciones (de 16 m\u00b2 cada una) con ba\u00f1o privado completo, acceso a Internet de banda ancha y tel\u00e9fono en todas las habitaciones. Para las personas de fe, la capilla Sainte Rita ofrece un lugar de silencio y paz para la meditaci\u00f3n y la oraci\u00f3n. Tambi\u00e9n ofrece diversos servicios:   \t\t\t\t\t\t\t\t<\/div>\n\t\t\t\t<\/div>\n\t\t\t\t<div class=\"elementor-element elementor-element-442e816 elementor-icon-list--layout-traditional elementor-list-item-link-full_width elementor-widget elementor-widget-icon-list\" data-id=\"442e816\" data-element_type=\"widget\" data-widget_type=\"icon-list.default\">\n\t\t\t\t<div class=\"elementor-widget-container\">\n\t\t\t\t\t\t\t<ul class=\"elementor-icon-list-items\">\n\t\t\t\t\t\t\t<li class=\"elementor-icon-list-item\">\n\t\t\t\t\t\t\t\t\t\t\t<span class=\"elementor-icon-list-icon\">\n\t\t\t\t\t\t\t<i aria-hidden=\"true\" class=\"fas fa-circle\"><\/i>\t\t\t\t\t\t<\/span>\n\t\t\t\t\t\t\t\t\t\t<span class=\"elementor-icon-list-text\">Servicios de acogida espiritual: habitaciones y catering<\/span>\n\t\t\t\t\t\t\t\t\t<\/li>\n\t\t\t\t\t\t<\/ul>\n\t\t\t\t\t\t<\/div>\n\t\t\t\t<\/div>\n\t\t\t\t<div class=\"elementor-element elementor-element-0b33f3b elementor-icon-list--layout-traditional elementor-list-item-link-full_width elementor-widget elementor-widget-icon-list\" data-id=\"0b33f3b\" data-element_type=\"widget\" data-widget_type=\"icon-list.default\">\n\t\t\t\t<div class=\"elementor-widget-container\">\n\t\t\t\t\t\t\t<ul class=\"elementor-icon-list-items\">\n\t\t\t\t\t\t\t<li class=\"elementor-icon-list-item\">\n\t\t\t\t\t\t\t\t\t\t\t<span class=\"elementor-icon-list-icon\">\n\t\t\t\t\t\t\t<i aria-hidden=\"true\" class=\"fas fa-circle\"><\/i>\t\t\t\t\t\t<\/span>\n\t\t\t\t\t\t\t\t\t\t<span class=\"elementor-icon-list-text\">Servicios lit\u00fargicos 2 misas al d\u00eda (7.45 h y 17.30 h)<\/span>\n\t\t\t\t\t\t\t\t\t<\/li>\n\t\t\t\t\t\t<\/ul>\n\t\t\t\t\t\t<\/div>\n\t\t\t\t<\/div>\n\t\t\t\t<div class=\"elementor-element elementor-element-51d614b elementor-icon-list--layout-traditional elementor-list-item-link-full_width elementor-widget elementor-widget-icon-list\" data-id=\"51d614b\" data-element_type=\"widget\" data-widget_type=\"icon-list.default\">\n\t\t\t\t<div class=\"elementor-widget-container\">\n\t\t\t\t\t\t\t<ul class=\"elementor-icon-list-items\">\n\t\t\t\t\t\t\t<li class=\"elementor-icon-list-item\">\n\t\t\t\t\t\t\t\t\t\t\t<span class=\"elementor-icon-list-icon\">\n\t\t\t\t\t\t\t<i aria-hidden=\"true\" class=\"fas fa-circle\"><\/i>\t\t\t\t\t\t<\/span>\n\t\t\t\t\t\t\t\t\t\t<span class=\"elementor-icon-list-text\">Habla con un sacerdote: para que te apoye, te escuche o te confiese, hay un sacerdote disponible todos los d\u00edas de 16.30 a 17.30 o con cita previa.<\/span>\n\t\t\t\t\t\t\t\t\t<\/li>\n\t\t\t\t\t\t<\/ul>\n\t\t\t\t\t\t<\/div>\n\t\t\t\t<\/div>\n\t\t\t\t<div class=\"elementor-element elementor-element-577cdd7 elementor-icon-list--layout-traditional elementor-list-item-link-full_width elementor-widget elementor-widget-icon-list\" data-id=\"577cdd7\" data-element_type=\"widget\" data-widget_type=\"icon-list.default\">\n\t\t\t\t<div class=\"elementor-widget-container\">\n\t\t\t\t\t\t\t<ul class=\"elementor-icon-list-items\">\n\t\t\t\t\t\t\t<li class=\"elementor-icon-list-item\">\n\t\t\t\t\t\t\t\t\t\t\t<span class=\"elementor-icon-list-icon\">\n\t\t\t\t\t\t\t<i aria-hidden=\"true\" class=\"fas fa-circle\"><\/i>\t\t\t\t\t\t<\/span>\n\t\t\t\t\t\t\t\t\t\t<span class=\"elementor-icon-list-text\">Librer\u00eda y tienda religiosa: donde puedes encontrar libros y objetos religiosos para apoyar tu b\u00fasqueda espiritual. La tienda est\u00e1 abierta todos los d\u00edas de 16.00 a 17.00 h. <\/span>\n\t\t\t\t\t\t\t\t\t<\/li>\n\t\t\t\t\t\t<\/ul>\n\t\t\t\t\t\t<\/div>\n\t\t\t\t<\/div>\n\t\t\t\t<div class=\"elementor-element elementor-element-374a3c8 elementor-icon-list--layout-traditional elementor-list-item-link-full_width elementor-widget elementor-widget-icon-list\" data-id=\"374a3c8\" data-element_type=\"widget\" data-widget_type=\"icon-list.default\">\n\t\t\t\t<div class=\"elementor-widget-container\">\n\t\t\t\t\t\t\t<ul class=\"elementor-icon-list-items\">\n\t\t\t\t\t\t\t<li class=\"elementor-icon-list-item\">\n\t\t\t\t\t\t\t\t\t\t\t<span class=\"elementor-icon-list-icon\">\n\t\t\t\t\t\t\t<i aria-hidden=\"true\" class=\"fas fa-circle\"><\/i>\t\t\t\t\t\t<\/span>\n\t\t\t\t\t\t\t\t\t\t<span class=\"elementor-icon-list-text\">Ejercicios Espirituales de San Ignacio: Retiros personalizados en silencio<\/span>\n\t\t\t\t\t\t\t\t\t<\/li>\n\t\t\t\t\t\t<\/ul>\n\t\t\t\t\t\t<\/div>\n\t\t\t\t<\/div>\n\t\t\t\t<div class=\"elementor-element elementor-element-af710e0 elementor-icon-list--layout-traditional elementor-list-item-link-full_width elementor-widget elementor-widget-icon-list\" data-id=\"af710e0\" data-element_type=\"widget\" data-widget_type=\"icon-list.default\">\n\t\t\t\t<div class=\"elementor-widget-container\">\n\t\t\t\t\t\t\t<ul class=\"elementor-icon-list-items\">\n\t\t\t\t\t\t\t<li class=\"elementor-icon-list-item\">\n\t\t\t\t\t\t\t\t\t\t\t<span class=\"elementor-icon-list-icon\">\n\t\t\t\t\t\t\t<i aria-hidden=\"true\" class=\"fas fa-circle\"><\/i>\t\t\t\t\t\t<\/span>\n\t\t\t\t\t\t\t\t\t\t<span class=\"elementor-icon-list-text\">Sesiones de formaci\u00f3n cristiana: de diversas formas, los Oblatos de la Virgen Mar\u00eda que dirigen la capilla Sainte Rita ofrecen retiros, reuniones de estudio y actividades de oraci\u00f3n.<\/span>\n\t\t\t\t\t\t\t\t\t<\/li>\n\t\t\t\t\t\t<\/ul>\n\t\t\t\t\t\t<\/div>\n\t\t\t\t<\/div>\n\t\t\t\t<\/div>\n\t\t\t\t<\/div>\n\t\t\t\t\t<\/div>\n\t\t\t\t<\/div>\n\t\t<div class=\"elementor-element elementor-element-dbd7f56 e-flex e-con-boxed e-con e-parent\" data-id=\"dbd7f56\" data-element_type=\"container\" data-settings=\"{&quot;_ha_eqh_enable&quot;:false}\">\n\t\t\t\t\t<div class=\"e-con-inner\">\n\t\t<div class=\"elementor-element elementor-element-5587587 e-con-full e-flex e-con e-child\" data-id=\"5587587\" data-element_type=\"container\" data-settings=\"{&quot;background_background&quot;:&quot;classic&quot;,&quot;_ha_eqh_enable&quot;:false}\">\n\t\t\t\t<div class=\"elementor-element elementor-element-b1d6fa7 elementor-widget elementor-widget-heading\" data-id=\"b1d6fa7\" data-element_type=\"widget\" data-widget_type=\"heading.default\">\n\t\t\t\t<div class=\"elementor-widget-container\">\n\t\t\t\t\t<h2 class=\"elementor-heading-title elementor-size-default\">La Residencia Lanteri te ofrece una etapa de peregrino adaptada a tus necesidades<\/h2>\t\t\t\t<\/div>\n\t\t\t\t<\/div>\n\t\t\t\t<div class=\"elementor-element elementor-element-1aa5fad elementor-widget elementor-widget-text-editor\" data-id=\"1aa5fad\" data-element_type=\"widget\" data-widget_type=\"text-editor.default\">\n\t\t\t\t<div class=\"elementor-widget-container\">\n\t\t\t\t\t\t\t\t\t<p>La R\u00e9sidence Lanteri ofrece a todos los <strong>peregrinos <\/strong>que deseen <strong>peregrinar a \u00cele de <\/strong>France una c\u00e1lida acogida y servicios para que su peregrinaci\u00f3n sea un \u00e9xito. La R\u00e9sidence Lanteri pone a disposici\u00f3n <strong>de los peregrinos que peregrinan a<\/strong> \u00cele de France habitaciones, salas de reuni\u00f3n, un comedor y una capilla para recargar las pilas en todos los sentidos (f\u00edsico y espiritual). <\/p>\n\t\t\t\t\t\t\t\t<\/div>\n\t\t\t\t<\/div>\n\t\t\t\t<\/div>\n\t\t\t\t\t<\/div>\n\t\t\t\t<\/div>\n\t\t\t\t<\/div>\n\t\t","protected":false},"excerpt":{"rendered":"<p>Pausas espirituales En \u00cele-de-France \u00bfBuscas un retiro espiritual o un lugar para unas vacaciones espirituales cerca de Par\u00eds? \u00bfEres un grupo: un movimiento, una parroquia o una persona sola? \u00bfBuscas un lugar tranquilo para reunirte o para un retiro? \u00bfNecesitas unas vacaciones espirituales? Aqu\u00ed encontrar\u00e1s un lugar que se adapte a tus necesidades. Tambi\u00e9n estar\u00e1s [&hellip;]<\/p>\n","protected":false},"author":1,"featured_media":0,"parent":0,"menu_order":0,"comment_status":"closed","ping_status":"closed","template":"elementor_header_footer","meta":{"footnotes":""},"class_list":["post-3009","page","type-page","status-publish","hentry"],"_links":{"self":[{"href":"https:\/\/www.residence-universitaire-lanteri.com\/es\/wp-json\/wp\/v2\/pages\/3009","targetHints":{"allow":["GET"]}}],"collection":[{"href":"https:\/\/www.residence-universitaire-lanteri.com\/es\/wp-json\/wp\/v2\/pages"}],"about":[{"href":"https:\/\/www.residence-universitaire-lanteri.com\/es\/wp-json\/wp\/v2\/types\/page"}],"author":[{"embeddable":true,"href":"https:\/\/www.residence-universitaire-lanteri.com\/es\/wp-json\/wp\/v2\/users\/1"}],"replies":[{"embeddable":true,"href":"https:\/\/www.residence-universitaire-lanteri.com\/es\/wp-json\/wp\/v2\/comments?post=3009"}],"version-history":[{"count":1,"href":"https:\/\/www.residence-universitaire-lanteri.com\/es\/wp-json\/wp\/v2\/pages\/3009\/revisions"}],"predecessor-version":[{"id":3011,"href":"https:\/\/www.residence-universitaire-lanteri.com\/es\/wp-json\/wp\/v2\/pages\/3009\/revisions\/3011"}],"wp:attachment":[{"href":"https:\/\/www.residence-universitaire-lanteri.com\/es\/wp-json\/wp\/v2\/media?parent=3009"}],"curies":[{"name":"wp","href":"https:\/\/api.w.org\/{rel}","templated":true}]}}